{"id":163,"date":"2019-09-18T05:01:50","date_gmt":"2019-09-18T05:01:50","guid":{"rendered":"https:\/\/the7.io\/yoga\/?page_id=163"},"modified":"2021-05-06T14:29:43","modified_gmt":"2021-05-06T12:29:43","slug":"blog","status":"publish","type":"page","link":"https:\/\/les-petites-folies.fr\/index.php\/blog\/","title":{"rendered":"Blog"},"content":{"rendered":"<p>[vc_row][vc_column]<style type=\"text\/css\" data-type=\"the7_shortcodes-inline-css\">.blog-shortcode.blog-list-shortcode-id-e1a0138aa52e47987e1d33ba51aaece3.side-overlap-layout-list .post-thumbnail-wrap {\n  width: 70%;\n}\n.blog-shortcode.blog-list-shortcode-id-e1a0138aa52e47987e1d33ba51aaece3.side-overlap-layout-list .post-entry-content {\n  width: calc(100% - 70% + 100px);\n  margin-top: 50px;\n}\n.blog-shortcode.blog-list-shortcode-id-e1a0138aa52e47987e1d33ba51aaece3.side-overlap-layout-list .no-img .post-entry-content {\n  width: 100%;\n  margin-top: 0;\n}\n.blog-shortcode.blog-list-shortcode-id-e1a0138aa52e47987e1d33ba51aaece3.side-overlap-layout-list .project-odd .post-entry-content {\n  margin-left: -100px;\n}\n.rtl .blog-shortcode.blog-list-shortcode-id-e1a0138aa52e47987e1d33ba51aaece3.side-overlap-layout-list .project-odd .post-entry-content {\n  margin-right: -100px;\n  margin-left: 0;\n}\n.blog-shortcode.blog-list-shortcode-id-e1a0138aa52e47987e1d33ba51aaece3.side-overlap-layout-list .no-img.project-odd .post-entry-content {\n  margin-left: 0;\n}\n.rtl .blog-shortcode.blog-list-shortcode-id-e1a0138aa52e47987e1d33ba51aaece3.side-overlap-layout-list .no-img.project-odd .post-entry-content {\n  margin-right: 0;\n  margin-left: 0;\n}\n.blog-shortcode.blog-list-shortcode-id-e1a0138aa52e47987e1d33ba51aaece3.side-overlap-layout-list .project-even .post-entry-content {\n  margin-right: -100px;\n}\n.rtl .blog-shortcode.blog-list-shortcode-id-e1a0138aa52e47987e1d33ba51aaece3.side-overlap-layout-list .project-even .post-entry-content {\n  margin-left: -100px;\n  margin-right: 0;\n}\n.blog-shortcode.blog-list-shortcode-id-e1a0138aa52e47987e1d33ba51aaece3.side-overlap-layout-list .no-img.project-even .post-entry-content {\n  margin-right: 0;\n}\n.rtl .blog-shortcode.blog-list-shortcode-id-e1a0138aa52e47987e1d33ba51aaece3.side-overlap-layout-list .no-img.project-even .post-entry-content {\n  margin-left: 0;\n  margin-right: 0;\n}\n@media screen and (max-width: 990px) {\n  #page .blog-shortcode.blog-list-shortcode-id-e1a0138aa52e47987e1d33ba51aaece3.side-overlap-layout-list .project-odd .post-entry-content {\n    left: 0;\n  }\n  #page .blog-shortcode.blog-list-shortcode-id-e1a0138aa52e47987e1d33ba51aaece3.side-overlap-layout-list .project-even .post-entry-content {\n    right: 0;\n  }\n}\n.blog-shortcode.blog-list-shortcode-id-e1a0138aa52e47987e1d33ba51aaece3 .filter-bg-decoration .filter-categories a.act {\n  color: #fff;\n}\n.blog-shortcode.blog-list-shortcode-id-e1a0138aa52e47987e1d33ba51aaece3:not(.mode-masonry) article {\n  margin-top: 50px;\n}\n.blog-shortcode.blog-list-shortcode-id-e1a0138aa52e47987e1d33ba51aaece3:not(.mode-masonry) article:first-of-type,\n.blog-shortcode.blog-list-shortcode-id-e1a0138aa52e47987e1d33ba51aaece3:not(.mode-masonry) article.visible.first:not(.product) {\n  margin-top: 0;\n}\n.blog-shortcode.blog-list-shortcode-id-e1a0138aa52e47987e1d33ba51aaece3.dividers-on:not(.mode-masonry) article {\n  margin-top: 0;\n  padding-top: 50px;\n}\n.blog-shortcode.blog-list-shortcode-id-e1a0138aa52e47987e1d33ba51aaece3.dividers-on:not(.mode-masonry) article:first-of-type,\n.blog-shortcode.blog-list-shortcode-id-e1a0138aa52e47987e1d33ba51aaece3.dividers-on:not(.mode-masonry) article.visible.first:not(.product) {\n  margin-top: 0;\n  padding-top: 0;\n}\n.blog-shortcode.blog-list-shortcode-id-e1a0138aa52e47987e1d33ba51aaece3 .post-thumbnail-wrap {\n  padding: 0px 0px 0px 0px;\n}\n.blog-shortcode.blog-list-shortcode-id-e1a0138aa52e47987e1d33ba51aaece3.enable-bg-rollover .post-thumbnail-rollover:after {\n  background: rgba(46,43,54,0.25);\n  box-shadow: none;\n  background: -webkit-linear-gradient();\n  background: linear-gradient();\n}\n.blog-shortcode.blog-list-shortcode-id-e1a0138aa52e47987e1d33ba51aaece3 .gallery-zoom-ico {\n  width: 64px;\n  height: 64px;\n  line-height: 64px;\n  border-radius: 100px;\n  margin: -32px 0 0 -32px;\n  border-width: 0px;\n  color: #ffffff;\n}\n.bottom-overlap-layout-list.blog-shortcode.blog-list-shortcode-id-e1a0138aa52e47987e1d33ba51aaece3 .gallery-zoom-ico {\n  margin-top: -57px;\n}\n.gradient-overlay-layout-list.blog-shortcode.blog-list-shortcode-id-e1a0138aa52e47987e1d33ba51aaece3 .gallery-zoom-ico,\n.content-rollover-layout-list.blog-shortcode.blog-list-shortcode-id-e1a0138aa52e47987e1d33ba51aaece3 .gallery-zoom-ico {\n  margin: 0 0 10px;\n}\n.content-align-center.gradient-overlay-layout-list.blog-shortcode.blog-list-shortcode-id-e1a0138aa52e47987e1d33ba51aaece3 .gallery-zoom-ico,\n.content-align-center.content-rollover-layout-list.blog-shortcode.blog-list-shortcode-id-e1a0138aa52e47987e1d33ba51aaece3 .gallery-zoom-ico {\n  margin: 0 auto 10px;\n}\n.dt-icon-bg-on.blog-shortcode.blog-list-shortcode-id-e1a0138aa52e47987e1d33ba51aaece3 .gallery-zoom-ico {\n  background: rgba(255,255,255,0.3);\n  box-shadow: none;\n}\n.blog-shortcode.blog-list-shortcode-id-e1a0138aa52e47987e1d33ba51aaece3 .gallery-zoom-ico > span,\n.blog-shortcode.blog-list-shortcode-id-e1a0138aa52e47987e1d33ba51aaece3 .gallery-zoom-ico:before {\n  font-size: 64px;\n  line-height: 64px;\n}\n.blog-shortcode.blog-list-shortcode-id-e1a0138aa52e47987e1d33ba51aaece3 .gallery-zoom-ico > span,\n.blog-shortcode.blog-list-shortcode-id-e1a0138aa52e47987e1d33ba51aaece3 .gallery-zoom-ico:before {\n  color: #ffffff;\n}\n.blog-shortcode.blog-list-shortcode-id-e1a0138aa52e47987e1d33ba51aaece3 .fancy-date a {\n  background: #2e2b36;\n  box-shadow: none;\n}\n.blog-shortcode.blog-list-shortcode-id-e1a0138aa52e47987e1d33ba51aaece3 .fancy-date a * {\n  color: #ffffff;\n}\n.blog-shortcode.blog-list-shortcode-id-e1a0138aa52e47987e1d33ba51aaece3 .fancy-date a .entry-month:after,\n.blog-shortcode.blog-list-shortcode-id-e1a0138aa52e47987e1d33ba51aaece3 .fancy-date a .entry-date:after {\n  background: rgba(255,255,255,0.3);\n  box-shadow: none;\n}\n.blog-shortcode.blog-list-shortcode-id-e1a0138aa52e47987e1d33ba51aaece3 .entry-title,\n.blog-shortcode.blog-list-shortcode-id-e1a0138aa52e47987e1d33ba51aaece3.owl-carousel .entry-title {\n  margin-bottom: 10px;\n}\n.blog-shortcode.blog-list-shortcode-id-e1a0138aa52e47987e1d33ba51aaece3 .entry-meta {\n  margin-bottom: 15px;\n}\n.blog-shortcode.blog-list-shortcode-id-e1a0138aa52e47987e1d33ba51aaece3 .portfolio-categories {\n  margin-bottom: 15px;\n}\n.blog-shortcode.blog-list-shortcode-id-e1a0138aa52e47987e1d33ba51aaece3 .entry-excerpt {\n  margin-bottom: 10px;\n}\n.blog-shortcode.blog-list-shortcode-id-e1a0138aa52e47987e1d33ba51aaece3:not(.centered-layout-list) .post-entry-content {\n  padding: 30px 30px 30px 30px;\n}\n.blog-shortcode.blog-list-shortcode-id-e1a0138aa52e47987e1d33ba51aaece3:not(.centered-layout-list):not(.content-bg-on):not(.mode-list) .no-img .post-entry-content {\n  padding: 0;\n}\n.blog-shortcode.blog-list-shortcode-id-e1a0138aa52e47987e1d33ba51aaece3.content-bg-on:not(.classic-layout-list):not(.centered-layout-list) .post-entry-content {\n  background: #ececec;\n  box-shadow: none;\n}\n@media screen and (max-width: 990px) {\n  .blog-shortcode.blog-list-shortcode-id-e1a0138aa52e47987e1d33ba51aaece3 article {\n    -ms-flex-flow: column nowrap;\n    flex-flow: column nowrap;\n    margin-top: 20px;\n  }\n  .blog-shortcode.blog-list-shortcode-id-e1a0138aa52e47987e1d33ba51aaece3.dividers-on article {\n    border: none;\n  }\n  .blog-shortcode.blog-list-shortcode-id-e1a0138aa52e47987e1d33ba51aaece3.content-bg-on.centered-layout-list article {\n    padding: 0;\n  }\n  .blog-shortcode.blog-list-shortcode-id-e1a0138aa52e47987e1d33ba51aaece3.blog-shortcode.dividers-on article,\n  .blog-shortcode.blog-list-shortcode-id-e1a0138aa52e47987e1d33ba51aaece3.dividers-on.classic-layout-list article {\n    margin-top: 20px;\n    padding: 0;\n  }\n  .blog-shortcode.blog-list-shortcode-id-e1a0138aa52e47987e1d33ba51aaece3.blog-shortcode.dividers-on article:first-of-type,\n  .blog-shortcode.blog-list-shortcode-id-e1a0138aa52e47987e1d33ba51aaece3.dividers-on.classic-layout-list article:first-of-type {\n    padding: 0;\n  }\n  #page .blog-shortcode.blog-list-shortcode-id-e1a0138aa52e47987e1d33ba51aaece3 .post-thumbnail-wrap,\n  #page .blog-shortcode.blog-list-shortcode-id-e1a0138aa52e47987e1d33ba51aaece3 .post-entry-content {\n    width: 100%;\n    margin: 0;\n    top: 0;\n  }\n  #page .blog-shortcode.blog-list-shortcode-id-e1a0138aa52e47987e1d33ba51aaece3 .post-thumbnail-wrap {\n    padding: 0;\n  }\n  #page .blog-shortcode.blog-list-shortcode-id-e1a0138aa52e47987e1d33ba51aaece3 .post-entry-content:after {\n    display: none;\n  }\n  #page .blog-shortcode.blog-list-shortcode-id-e1a0138aa52e47987e1d33ba51aaece3 .project-even .post-thumbnail-wrap,\n  #page .blog-shortcode.blog-list-shortcode-id-e1a0138aa52e47987e1d33ba51aaece3.centered-layout-list .post-thumbnail-wrap {\n    -ms-flex-order: 0;\n    order: 0;\n  }\n  #page .blog-shortcode.blog-list-shortcode-id-e1a0138aa52e47987e1d33ba51aaece3.centered-layout-list .post-entry-title-content {\n    -ms-flex-order: 1;\n    order: 1;\n    width: 100%;\n    padding: 20px 20px 0;\n  }\n  #page .blog-shortcode.blog-list-shortcode-id-e1a0138aa52e47987e1d33ba51aaece3.centered-layout-list .post-entry-content {\n    -ms-flex-order: 2;\n    order: 2;\n    padding-top: 0;\n  }\n  #page .blog-shortcode.blog-list-shortcode-id-e1a0138aa52e47987e1d33ba51aaece3 .fancy-categories {\n    top: 10px;\n    left: 10px;\n    bottom: auto;\n    right: auto;\n  }\n  #page .blog-shortcode.blog-list-shortcode-id-e1a0138aa52e47987e1d33ba51aaece3 .fancy-date a {\n    top: 10px;\n    right: 10px;\n    left: auto;\n    bottom: auto;\n  }\n  #page .blog-shortcode.blog-list-shortcode-id-e1a0138aa52e47987e1d33ba51aaece3 .post-entry-content {\n    padding: 20px;\n  }\n  #page .blog-shortcode.blog-list-shortcode-id-e1a0138aa52e47987e1d33ba51aaece3 .entry-title {\n    margin: 3px 0 5px;\n    font-size: 20px;\n    line-height: 26px;\n  }\n  #page .blog-shortcode.blog-list-shortcode-id-e1a0138aa52e47987e1d33ba51aaece3 .entry-meta {\n    margin: 5px 0 5px;\n  }\n  #page .blog-shortcode.blog-list-shortcode-id-e1a0138aa52e47987e1d33ba51aaece3 .entry-excerpt {\n    margin: 15px 0 0;\n  }\n  #page .blog-shortcode.blog-list-shortcode-id-e1a0138aa52e47987e1d33ba51aaece3 .post-details {\n    margin: 5px 0 10px;\n  }\n  #page .blog-shortcode.blog-list-shortcode-id-e1a0138aa52e47987e1d33ba51aaece3 .post-details.details-type-link {\n    margin-bottom: 2px;\n  }\n}\n<\/style><div class=\"articles-list blog-shortcode mode-list blog-list-shortcode-id-e1a0138aa52e47987e1d33ba51aaece3 side-overlap-layout-list content-bg-on enable-bg-rollover jquery-filter scale-img dt-icon-bg-off vertical-fancy-style loading-effect-fade-in\" data-cur-page=\"1\" data-post-limit=\"6\" data-pagination-mode=\"load-more\"><article class=\"post project-odd visible post-1909 type-post status-publish format-standard has-post-thumbnail hentry category-non-classe category-1 description-off\" data-name=\"BONNE ANNEE !\" data-date=\"2025-01-01T13:17:00+01:00\">\n\n<div class=\"post-thumbnail-wrap\">\n\t<div class=\"post-thumbnail\">\n\n\t\t\n\t\t\n\t\t<a href=\"https:\/\/les-petites-folies.fr\/index.php\/2025\/01\/01\/bonne-annee\/\" class=\"post-thumbnail-rollover layzr-bg layzr-bg\" ><img class=\"blog-thumb-lazy-load preload-me lazy-load\" src=\"data:image\/svg+xml,%3Csvg%20xmlns%3D&#39;http%3A%2F%2Fwww.w3.org%2F2000%2Fsvg&#39;%20viewBox%3D&#39;0%200%20768%20512&#39;%2F%3E\" data-src=\"https:\/\/les-petites-folies.fr\/wp-content\/uploads\/2025\/01\/396ff3eb-7979-4d3f-ac3d-16219d038b16-768x512.jpg\" data-srcset=\"https:\/\/les-petites-folies.fr\/wp-content\/uploads\/2025\/01\/396ff3eb-7979-4d3f-ac3d-16219d038b16-768x512.jpg 768w, https:\/\/les-petites-folies.fr\/wp-content\/uploads\/2025\/01\/396ff3eb-7979-4d3f-ac3d-16219d038b16-768x511.jpg 768w\" alt=\"\" title=\"396ff3eb-7979-4d3f-ac3d-16219d038b16\" width=\"768\" height=\"512\"  \/><span class=\"gallery-zoom-ico icomoon-the7-font-the7-plus-04\"><span><\/span><\/span><\/a>\n\t<\/div>\n<\/div>\n\n\n<div class=\"post-entry-content\">\n\n\t<h3 class=\"entry-title\">\n\t\t<a href=\"https:\/\/les-petites-folies.fr\/index.php\/2025\/01\/01\/bonne-annee\/\" title=\"BONNE ANNEE !\" rel=\"bookmark\">BONNE ANNEE !<\/a>\n\t<\/h3>\n\n\t\n\t<div class=\"entry-excerpt\"><p>2024. L&rsquo;heure du bilan a sonn\u00e9 ! 1 Nouvelle Revue , 110 spectacles, 2 nouvelles danseuses, toujours plus de costumes ! On vous souhaite \u00e0 tous plein de belles choses \u00e0 venir pour 2025.<\/p>\n<\/div>\n\t\n<a href=\"https:\/\/les-petites-folies.fr\/index.php\/2025\/01\/01\/bonne-annee\/\" class=\"dt-btn-s dt-btn post-details details-type-btn\" aria-label=\"Read more about BONNE ANNEE !\" rel=\"nofollow\">Lire la suite<i class=\"dt-icon-the7-arrow-03\" aria-hidden=\"true\"><\/i><\/a>\n\n<\/div><\/article><article class=\"post project-even visible post-1905 type-post status-publish format-standard has-post-thumbnail hentry category-non-classe category-1 description-off\" data-name=\"Une premi\u00e8re de \u00ab\u00a0FOLIE\u00a0\u00bb\" data-date=\"2024-10-13T13:10:00+02:00\">\n\n<div class=\"post-thumbnail-wrap\">\n\t<div class=\"post-thumbnail\">\n\n\t\t\n\t\t\n\t\t<a href=\"https:\/\/les-petites-folies.fr\/index.php\/2024\/10\/13\/une-premiere-de-folie\/\" class=\"post-thumbnail-rollover layzr-bg layzr-bg\" ><img class=\"blog-thumb-lazy-load preload-me lazy-load\" src=\"data:image\/svg+xml,%3Csvg%20xmlns%3D&#39;http%3A%2F%2Fwww.w3.org%2F2000%2Fsvg&#39;%20viewBox%3D&#39;0%200%20990%20660&#39;%2F%3E\" data-src=\"https:\/\/les-petites-folies.fr\/wp-content\/uploads\/2025\/05\/96ac0441-b69b-414c-a37a-f4484a956ce7-990x660.jpg\" data-srcset=\"https:\/\/les-petites-folies.fr\/wp-content\/uploads\/2025\/05\/96ac0441-b69b-414c-a37a-f4484a956ce7-990x660.jpg 990w, https:\/\/les-petites-folies.fr\/wp-content\/uploads\/2025\/05\/96ac0441-b69b-414c-a37a-f4484a956ce7-1024x682.jpg 1024w\" alt=\"\" title=\"96ac0441-b69b-414c-a37a-f4484a956ce7\" width=\"990\" height=\"660\"  \/><span class=\"gallery-zoom-ico icomoon-the7-font-the7-plus-04\"><span><\/span><\/span><\/a>\n\t<\/div>\n<\/div>\n\n\n<div class=\"post-entry-content\">\n\n\t<h3 class=\"entry-title\">\n\t\t<a href=\"https:\/\/les-petites-folies.fr\/index.php\/2024\/10\/13\/une-premiere-de-folie\/\" title=\"Une premi\u00e8re de \u00ab\u00a0FOLIE\u00a0\u00bb\" rel=\"bookmark\">Une premi\u00e8re de \u00ab\u00a0FOLIE\u00a0\u00bb<\/a>\n\t<\/h3>\n\n\t\n\t<div class=\"entry-excerpt\"><p>La fi\u00e8vre du DISCO s&rsquo;est empar\u00e9e des Petites Folies le 12 Octobre \u00e0 MOREUIL devant une salle archi comble ! Une standing ovation , vos sourires et vos applaudissements ont lanc\u00e9 officiellement notre nouvelle revue. D\u00e9j\u00e0 une dizaine de dates d&rsquo;ici la fin de l&rsquo;ann\u00e9e de pr\u00e9vues avec ce spectacle !<\/p>\n<\/div>\n\t\n<a href=\"https:\/\/les-petites-folies.fr\/index.php\/2024\/10\/13\/une-premiere-de-folie\/\" class=\"dt-btn-s dt-btn post-details details-type-btn\" aria-label=\"Read more about Une premi\u00e8re de \u00ab\u00a0FOLIE\u00a0\u00bb\" rel=\"nofollow\">Lire la suite<i class=\"dt-icon-the7-arrow-03\" aria-hidden=\"true\"><\/i><\/a>\n\n<\/div><\/article><article class=\"post project-odd visible post-1902 type-post status-publish format-standard has-post-thumbnail hentry category-non-classe category-1 description-off\" data-name=\"LA REVUE DISCO&#8230; derniers ajustements\" data-date=\"2024-09-07T12:56:00+02:00\">\n\n<div class=\"post-thumbnail-wrap\">\n\t<div class=\"post-thumbnail\">\n\n\t\t\n\t\t\n\t\t<a href=\"https:\/\/les-petites-folies.fr\/index.php\/2024\/09\/07\/la-revue-disco-derniers-ajustements\/\" class=\"post-thumbnail-rollover layzr-bg layzr-bg\" ><img class=\"blog-thumb-lazy-load preload-me lazy-load\" src=\"data:image\/svg+xml,%3Csvg%20xmlns%3D&#39;http%3A%2F%2Fwww.w3.org%2F2000%2Fsvg&#39;%20viewBox%3D&#39;0%200%20990%20660&#39;%2F%3E\" data-src=\"https:\/\/les-petites-folies.fr\/wp-content\/uploads\/2025\/05\/27891ac5-4511-407f-a52a-496e252b5ead-990x660.jpg\" data-srcset=\"https:\/\/les-petites-folies.fr\/wp-content\/uploads\/2025\/05\/27891ac5-4511-407f-a52a-496e252b5ead-990x660.jpg 990w, https:\/\/les-petites-folies.fr\/wp-content\/uploads\/2025\/05\/27891ac5-4511-407f-a52a-496e252b5ead-1024x682.jpg 1024w\" alt=\"\" title=\"27891ac5-4511-407f-a52a-496e252b5ead\" width=\"990\" height=\"660\"  \/><span class=\"gallery-zoom-ico icomoon-the7-font-the7-plus-04\"><span><\/span><\/span><\/a>\n\t<\/div>\n<\/div>\n\n\n<div class=\"post-entry-content\">\n\n\t<h3 class=\"entry-title\">\n\t\t<a href=\"https:\/\/les-petites-folies.fr\/index.php\/2024\/09\/07\/la-revue-disco-derniers-ajustements\/\" title=\"LA REVUE DISCO&#8230; derniers ajustements\" rel=\"bookmark\">LA REVUE DISCO&#8230; derniers ajustements<\/a>\n\t<\/h3>\n\n\t\n\t<div class=\"entry-excerpt\"><p>Ca y est nous entamons les derni\u00e8res r\u00e9p\u00e9titions et essayages costumes ! Et comme on est mega sympa et surtout tr\u00e8s impatient. Voici une premi\u00e8re photo de notre nouvelle revue. On se donne RDV le 12 Octobre \u00e0 MOREUIL pour le grande premi\u00e8re avec tous les artistes des petites folies sur sc\u00e8ne !! On a&hellip;<\/p>\n<\/div>\n\t\n<a href=\"https:\/\/les-petites-folies.fr\/index.php\/2024\/09\/07\/la-revue-disco-derniers-ajustements\/\" class=\"dt-btn-s dt-btn post-details details-type-btn\" aria-label=\"Read more about LA REVUE DISCO&#8230; derniers ajustements\" rel=\"nofollow\">Lire la suite<i class=\"dt-icon-the7-arrow-03\" aria-hidden=\"true\"><\/i><\/a>\n\n<\/div><\/article><article class=\"post project-even visible post-1899 type-post status-publish format-standard has-post-thumbnail hentry category-non-classe category-1 description-off\" data-name=\"LA BELLE EPOQUE !\" data-date=\"2024-05-18T12:50:00+02:00\">\n\n<div class=\"post-thumbnail-wrap\">\n\t<div class=\"post-thumbnail\">\n\n\t\t\n\t\t\n\t\t<a href=\"https:\/\/les-petites-folies.fr\/index.php\/2024\/05\/18\/la-belle-epoque\/\" class=\"post-thumbnail-rollover layzr-bg layzr-bg\" ><img class=\"blog-thumb-lazy-load preload-me lazy-load\" src=\"data:image\/svg+xml,%3Csvg%20xmlns%3D&#39;http%3A%2F%2Fwww.w3.org%2F2000%2Fsvg&#39;%20viewBox%3D&#39;0%200%20990%20660&#39;%2F%3E\" data-src=\"https:\/\/les-petites-folies.fr\/wp-content\/uploads\/2025\/05\/79515823-192b-451c-82cd-77bfe61ae9a3-990x660.jpg\" data-srcset=\"https:\/\/les-petites-folies.fr\/wp-content\/uploads\/2025\/05\/79515823-192b-451c-82cd-77bfe61ae9a3-990x660.jpg 990w, https:\/\/les-petites-folies.fr\/wp-content\/uploads\/2025\/05\/79515823-192b-451c-82cd-77bfe61ae9a3.jpg 1024w\" alt=\"\" title=\"79515823-192b-451c-82cd-77bfe61ae9a3\" width=\"990\" height=\"660\"  \/><span class=\"gallery-zoom-ico icomoon-the7-font-the7-plus-04\"><span><\/span><\/span><\/a>\n\t<\/div>\n<\/div>\n\n\n<div class=\"post-entry-content\">\n\n\t<h3 class=\"entry-title\">\n\t\t<a href=\"https:\/\/les-petites-folies.fr\/index.php\/2024\/05\/18\/la-belle-epoque\/\" title=\"LA BELLE EPOQUE !\" rel=\"bookmark\">LA BELLE EPOQUE !<\/a>\n\t<\/h3>\n\n\t\n\t<div class=\"entry-excerpt\"><p>La Revue \u00ab\u00a0Fever\u00a0\u00bb au cabaret LA BELLE EPOQUE \u00e0 Briquemesnil bat son plein ! Danse, Chant, \u00e9motion, humour ! Le savant m\u00e9lange qui fait de ce spectacle une r\u00e9ussite \u00e0 chaque repr\u00e9sentation. Une collaboration artistique qui dure depuis 17 ans d\u00e9sormais. Notre 2eme Maison. Etes vous d\u00e9j\u00e0 venus nous applaudir la bas ?<\/p>\n<\/div>\n\t\n<a href=\"https:\/\/les-petites-folies.fr\/index.php\/2024\/05\/18\/la-belle-epoque\/\" class=\"dt-btn-s dt-btn post-details details-type-btn\" aria-label=\"Read more about LA BELLE EPOQUE !\" rel=\"nofollow\">Lire la suite<i class=\"dt-icon-the7-arrow-03\" aria-hidden=\"true\"><\/i><\/a>\n\n<\/div><\/article><article class=\"post project-odd visible post-1896 type-post status-publish format-standard has-post-thumbnail hentry category-non-classe category-1 description-off\" data-name=\"C&rsquo;est la reprise !!\" data-date=\"2024-02-01T12:45:00+01:00\">\n\n<div class=\"post-thumbnail-wrap\">\n\t<div class=\"post-thumbnail\">\n\n\t\t\n\t\t\n\t\t<a href=\"https:\/\/les-petites-folies.fr\/index.php\/2024\/02\/01\/cest-la-reprise\/\" class=\"post-thumbnail-rollover layzr-bg layzr-bg\" ><img class=\"blog-thumb-lazy-load preload-me lazy-load\" src=\"data:image\/svg+xml,%3Csvg%20xmlns%3D&#39;http%3A%2F%2Fwww.w3.org%2F2000%2Fsvg&#39;%20viewBox%3D&#39;0%200%20865%20576&#39;%2F%3E\" data-src=\"https:\/\/les-petites-folies.fr\/wp-content\/uploads\/2025\/05\/166ed388-cd2d-45ae-a335-e7ba0d091490-865x576.jpg\" data-srcset=\"https:\/\/les-petites-folies.fr\/wp-content\/uploads\/2025\/05\/166ed388-cd2d-45ae-a335-e7ba0d091490-865x576.jpg 865w\" alt=\"\" title=\"166ed388-cd2d-45ae-a335-e7ba0d091490\" width=\"865\" height=\"576\"  \/><span class=\"gallery-zoom-ico icomoon-the7-font-the7-plus-04\"><span><\/span><\/span><\/a>\n\t<\/div>\n<\/div>\n\n\n<div class=\"post-entry-content\">\n\n\t<h3 class=\"entry-title\">\n\t\t<a href=\"https:\/\/les-petites-folies.fr\/index.php\/2024\/02\/01\/cest-la-reprise\/\" title=\"C&rsquo;est la reprise !!\" rel=\"bookmark\">C&rsquo;est la reprise !!<\/a>\n\t<\/h3>\n\n\t\n\t<div class=\"entry-excerpt\"><p>Apr\u00e8s quelques jours de repos bien m\u00e9rit\u00e9s. Nous voila de retour sur sc\u00e8ne avec une ann\u00e9e 2024 qui commence d\u00e9j\u00e0 \u00e0 se remplir + + + ! Nous avons h\u00e2te de vous retrouver sur sc\u00e8ne.<\/p>\n<\/div>\n\t\n<a href=\"https:\/\/les-petites-folies.fr\/index.php\/2024\/02\/01\/cest-la-reprise\/\" class=\"dt-btn-s dt-btn post-details details-type-btn\" aria-label=\"Read more about C&rsquo;est la reprise !!\" rel=\"nofollow\">Lire la suite<i class=\"dt-icon-the7-arrow-03\" aria-hidden=\"true\"><\/i><\/a>\n\n<\/div><\/article><article class=\"post project-even visible post-1893 type-post status-publish format-standard has-post-thumbnail hentry category-non-classe category-1 description-off\" data-name=\"2023 Une ann\u00e9e remplie de \u00ab\u00a0folie\u00a0\u00bb\" data-date=\"2023-12-31T12:31:00+01:00\">\n\n<div class=\"post-thumbnail-wrap\">\n\t<div class=\"post-thumbnail\">\n\n\t\t\n\t\t\n\t\t<a href=\"https:\/\/les-petites-folies.fr\/index.php\/2023\/12\/31\/2023-une-annee-remplie-de-folie\/\" class=\"post-thumbnail-rollover layzr-bg layzr-bg\" ><img class=\"blog-thumb-lazy-load preload-me lazy-load\" src=\"data:image\/svg+xml,%3Csvg%20xmlns%3D&#39;http%3A%2F%2Fwww.w3.org%2F2000%2Fsvg&#39;%20viewBox%3D&#39;0%200%20990%20660&#39;%2F%3E\" data-src=\"https:\/\/les-petites-folies.fr\/wp-content\/uploads\/2025\/05\/72327f60-94d9-43a4-856e-776a8175950a-990x660.jpg\" data-srcset=\"https:\/\/les-petites-folies.fr\/wp-content\/uploads\/2025\/05\/72327f60-94d9-43a4-856e-776a8175950a-990x660.jpg 990w, https:\/\/les-petites-folies.fr\/wp-content\/uploads\/2025\/05\/72327f60-94d9-43a4-856e-776a8175950a-1022x682.jpg 1022w\" alt=\"\" title=\"72327f60-94d9-43a4-856e-776a8175950a\" width=\"990\" height=\"660\"  \/><span class=\"gallery-zoom-ico icomoon-the7-font-the7-plus-04\"><span><\/span><\/span><\/a>\n\t<\/div>\n<\/div>\n\n\n<div class=\"post-entry-content\">\n\n\t<h3 class=\"entry-title\">\n\t\t<a href=\"https:\/\/les-petites-folies.fr\/index.php\/2023\/12\/31\/2023-une-annee-remplie-de-folie\/\" title=\"2023 Une ann\u00e9e remplie de \u00ab\u00a0folie\u00a0\u00bb\" rel=\"bookmark\">2023 Une ann\u00e9e remplie de \u00ab\u00a0folie\u00a0\u00bb<\/a>\n\t<\/h3>\n\n\t\n\t<div class=\"entry-excerpt\"><p>Pr\u00e8s de 90 spectacles cette ann\u00e9e pour vous \u00e9merveiller ! Merci \u00e0 tous nos clients et partenaires pour cette ann\u00e9e remplie de plumes et de paillettes. Notre volont\u00e9 toujours vous satisfaire ! RDV en 2024 avec un tout nouveau projet &#8230;. direction les ann\u00e9es 70 !! On vous en dit plus tr\u00e8s vite ! \ud83d\ude09<\/p>\n<\/div>\n\t\n<a href=\"https:\/\/les-petites-folies.fr\/index.php\/2023\/12\/31\/2023-une-annee-remplie-de-folie\/\" class=\"dt-btn-s dt-btn post-details details-type-btn\" aria-label=\"Read more about 2023 Une ann\u00e9e remplie de \u00ab\u00a0folie\u00a0\u00bb\" rel=\"nofollow\">Lire la suite<i class=\"dt-icon-the7-arrow-03\" aria-hidden=\"true\"><\/i><\/a>\n\n<\/div><\/article><article class=\"post project-odd hidden post-1849 type-post status-publish format-standard has-post-thumbnail hentry category-non-classe category-1 description-off\" data-name=\"On Parle de nous !!\" data-date=\"2022-11-24T12:00:00+01:00\">\n\n<div class=\"post-thumbnail-wrap\">\n\t<div class=\"post-thumbnail\">\n\n\t\t\n\t\t\n\t\t<a href=\"https:\/\/les-petites-folies.fr\/index.php\/2022\/11\/24\/on-parle-de-nous\/\" class=\"post-thumbnail-rollover layzr-bg layzr-bg\" ><img class=\"blog-thumb-lazy-load preload-me lazy-load\" src=\"data:image\/svg+xml,%3Csvg%20xmlns%3D&#39;http%3A%2F%2Fwww.w3.org%2F2000%2Fsvg&#39;%20viewBox%3D&#39;0%200%20990%20660&#39;%2F%3E\" data-src=\"https:\/\/les-petites-folies.fr\/wp-content\/uploads\/2022\/11\/2022-11-23-AILLY-SUR-NOYE-LE-SPECTACLE-_PIAF-ET-SES-HOMMES_-e1669202728807-990x660.png\" data-srcset=\"https:\/\/les-petites-folies.fr\/wp-content\/uploads\/2022\/11\/2022-11-23-AILLY-SUR-NOYE-LE-SPECTACLE-_PIAF-ET-SES-HOMMES_-e1669202728807-990x660.png 990w, https:\/\/les-petites-folies.fr\/wp-content\/uploads\/2022\/11\/2022-11-23-AILLY-SUR-NOYE-LE-SPECTACLE-_PIAF-ET-SES-HOMMES_-e1669202728807-1003x669.png 1003w\" alt=\"\" title=\"2022-11-23 AILLY SUR NOYE LE SPECTACLE _PIAF ET SES HOMMES_\" width=\"990\" height=\"660\"  \/><span class=\"gallery-zoom-ico icomoon-the7-font-the7-plus-04\"><span><\/span><\/span><\/a>\n\t<\/div>\n<\/div>\n\n\n<div class=\"post-entry-content\">\n\n\t<h3 class=\"entry-title\">\n\t\t<a href=\"https:\/\/les-petites-folies.fr\/index.php\/2022\/11\/24\/on-parle-de-nous\/\" title=\"On Parle de nous !!\" rel=\"bookmark\">On Parle de nous !!<\/a>\n\t<\/h3>\n\n\t\n\t<div class=\"entry-excerpt\"><\/div>\n\t\n<a href=\"https:\/\/les-petites-folies.fr\/index.php\/2022\/11\/24\/on-parle-de-nous\/\" class=\"dt-btn-s dt-btn post-details details-type-btn\" aria-label=\"Read more about On Parle de nous !!\" rel=\"nofollow\">Lire la suite<i class=\"dt-icon-the7-arrow-03\" aria-hidden=\"true\"><\/i><\/a>\n\n<\/div><\/article><article class=\"post project-even hidden post-1846 type-post status-publish format-standard has-post-thumbnail hentry category-non-classe category-1 description-off\" data-name=\"Une fin d&rsquo;ann\u00e9e 2022 \u00ab\u00a0SHOW\u00a0\u00bb time !!\" data-date=\"2022-11-23T12:21:10+01:00\">\n\n<div class=\"post-thumbnail-wrap\">\n\t<div class=\"post-thumbnail\">\n\n\t\t\n\t\t\n\t\t<a href=\"https:\/\/les-petites-folies.fr\/index.php\/2022\/11\/23\/une-fin-dannee-2022-show-time\/\" class=\"post-thumbnail-rollover layzr-bg layzr-bg\" ><img class=\"blog-thumb-lazy-load preload-me lazy-load\" src=\"data:image\/svg+xml,%3Csvg%20xmlns%3D&#39;http%3A%2F%2Fwww.w3.org%2F2000%2Fsvg&#39;%20viewBox%3D&#39;0%200%20990%20660&#39;%2F%3E\" data-src=\"https:\/\/les-petites-folies.fr\/wp-content\/uploads\/2022\/11\/313049646_1582881505477269_5487978204034416859_n-990x660.jpg\" data-srcset=\"https:\/\/les-petites-folies.fr\/wp-content\/uploads\/2022\/11\/313049646_1582881505477269_5487978204034416859_n-990x660.jpg 990w, https:\/\/les-petites-folies.fr\/wp-content\/uploads\/2022\/11\/313049646_1582881505477269_5487978204034416859_n-1683x1122.jpg 1683w\" alt=\"\" title=\"313049646_1582881505477269_5487978204034416859_n\" width=\"990\" height=\"660\"  \/><span class=\"gallery-zoom-ico icomoon-the7-font-the7-plus-04\"><span><\/span><\/span><\/a>\n\t<\/div>\n<\/div>\n\n\n<div class=\"post-entry-content\">\n\n\t<h3 class=\"entry-title\">\n\t\t<a href=\"https:\/\/les-petites-folies.fr\/index.php\/2022\/11\/23\/une-fin-dannee-2022-show-time\/\" title=\"Une fin d&rsquo;ann\u00e9e 2022 \u00ab\u00a0SHOW\u00a0\u00bb time !!\" rel=\"bookmark\">Une fin d&rsquo;ann\u00e9e 2022 \u00ab\u00a0SHOW\u00a0\u00bb time !!<\/a>\n\t<\/h3>\n\n\t\n\t<div class=\"entry-excerpt\"><p>Retrouvez nous sur scene aux dates suivantes : 25 NOVEMBRE : Moulin des ecrevisses Ailly sur NOYE26 NOVEMBRE : Repas des aines SAINT ANDRE FARIVILLERS (midi)26 NOVEMBRE : Spectacle PIAF ET SES HOMMES &#8211; salle des f\u00eates AILLY SUR NOYE (soir &#8211; gratuit)27 NOVEMBRE : Repas de ain\u00e9s POIX DE PICARDIE 29 NOVEMBRE : Spectacle&hellip;<\/p>\n<\/div>\n\t\n<a href=\"https:\/\/les-petites-folies.fr\/index.php\/2022\/11\/23\/une-fin-dannee-2022-show-time\/\" class=\"dt-btn-s dt-btn post-details details-type-btn\" aria-label=\"Read more about Une fin d&rsquo;ann\u00e9e 2022 \u00ab\u00a0SHOW\u00a0\u00bb time !!\" rel=\"nofollow\">Lire la suite<i class=\"dt-icon-the7-arrow-03\" aria-hidden=\"true\"><\/i><\/a>\n\n<\/div><\/article><article class=\"post project-odd hidden post-1841 type-post status-publish format-standard has-post-thumbnail hentry category-non-classe category-1 description-off\" data-name=\"LES VOICI , LES VOILA !!\" data-date=\"2022-08-22T09:30:00+02:00\">\n\n<div class=\"post-thumbnail-wrap\">\n\t<div class=\"post-thumbnail\">\n\n\t\t\n\t\t\n\t\t<a href=\"https:\/\/les-petites-folies.fr\/index.php\/2022\/08\/22\/les-voici-les-voila\/\" class=\"post-thumbnail-rollover layzr-bg layzr-bg\" ><img class=\"blog-thumb-lazy-load preload-me lazy-load\" src=\"data:image\/svg+xml,%3Csvg%20xmlns%3D&#39;http%3A%2F%2Fwww.w3.org%2F2000%2Fsvg&#39;%20viewBox%3D&#39;0%200%20250%20166&#39;%2F%3E\" data-src=\"https:\/\/les-petites-folies.fr\/wp-content\/uploads\/2022\/08\/PAROISSE-AGENDAS-250x166.png\" data-srcset=\"https:\/\/les-petites-folies.fr\/wp-content\/uploads\/2022\/08\/PAROISSE-AGENDAS-250x166.png 250w\" alt=\"\" title=\"PAROISSE AGENDAS\" width=\"250\" height=\"166\"  \/><span class=\"gallery-zoom-ico icomoon-the7-font-the7-plus-04\"><span><\/span><\/span><\/a>\n\t<\/div>\n<\/div>\n\n\n<div class=\"post-entry-content\">\n\n\t<h3 class=\"entry-title\">\n\t\t<a href=\"https:\/\/les-petites-folies.fr\/index.php\/2022\/08\/22\/les-voici-les-voila\/\" title=\"LES VOICI , LES VOILA !!\" rel=\"bookmark\">LES VOICI , LES VOILA !!<\/a>\n\t<\/h3>\n\n\t\n\t<div class=\"entry-excerpt\"><p>Apr\u00e8s une reprise attendue hier \u00e0 Campneusville ! Nous vous d\u00e9voilons nos dates de spectacles pour la rentr\u00e9e. SEPTEMBRE 2022 :Le 4 au Cabaret LA BELLE EPOQUE \u00e0 BriquemesnilLe 6 \u00e0 Amiens pour LE CCAS de la ville D AMIENSLe 10 au Cabaret LA BELLE EPOQUE \u00e0 Briquemesnil Le 11 au Cabaret LA BELLE EPOQUE&hellip;<\/p>\n<\/div>\n\t\n<a href=\"https:\/\/les-petites-folies.fr\/index.php\/2022\/08\/22\/les-voici-les-voila\/\" class=\"dt-btn-s dt-btn post-details details-type-btn\" aria-label=\"Read more about LES VOICI , LES VOILA !!\" rel=\"nofollow\">Lire la suite<i class=\"dt-icon-the7-arrow-03\" aria-hidden=\"true\"><\/i><\/a>\n\n<\/div><\/article><article class=\"post project-even hidden post-1837 type-post status-publish format-standard has-post-thumbnail hentry category-non-classe category-1 description-off\" data-name=\"VACANCES = CREATION !\" data-date=\"2022-08-05T17:20:13+02:00\">\n\n<div class=\"post-thumbnail-wrap\">\n\t<div class=\"post-thumbnail\">\n\n\t\t\n\t\t\n\t\t<a href=\"https:\/\/les-petites-folies.fr\/index.php\/2022\/08\/05\/vacances-creation\/\" class=\"post-thumbnail-rollover layzr-bg layzr-bg\" ><img class=\"blog-thumb-lazy-load preload-me lazy-load\" src=\"data:image\/svg+xml,%3Csvg%20xmlns%3D&#39;http%3A%2F%2Fwww.w3.org%2F2000%2Fsvg&#39;%20viewBox%3D&#39;0%200%20990%20660&#39;%2F%3E\" data-src=\"https:\/\/les-petites-folies.fr\/wp-content\/uploads\/2022\/08\/296575020_1237276237009162_3024240468406049142_n-990x660.jpg\" data-srcset=\"https:\/\/les-petites-folies.fr\/wp-content\/uploads\/2022\/08\/296575020_1237276237009162_3024240468406049142_n-990x660.jpg 990w, https:\/\/les-petites-folies.fr\/wp-content\/uploads\/2022\/08\/296575020_1237276237009162_3024240468406049142_n-1683x1122.jpg 1683w\" alt=\"\" title=\"296575020_1237276237009162_3024240468406049142_n\" width=\"990\" height=\"660\"  \/><span class=\"gallery-zoom-ico icomoon-the7-font-the7-plus-04\"><span><\/span><\/span><\/a>\n\t<\/div>\n<\/div>\n\n\n<div class=\"post-entry-content\">\n\n\t<h3 class=\"entry-title\">\n\t\t<a href=\"https:\/\/les-petites-folies.fr\/index.php\/2022\/08\/05\/vacances-creation\/\" title=\"VACANCES = CREATION !\" rel=\"bookmark\">VACANCES = CREATION !<\/a>\n\t<\/h3>\n\n\t\n\t<div class=\"entry-excerpt\"><p>Durant cette p\u00e9riode estivale plus calme en terme de repr\u00e9sentation. La compagnie les petites folies en profite pour perfectionner ses spectacles mais aussi cr\u00e9er de nouveaux tableaux ! On vous met un petit clich\u00e9 de notre r\u00e9p\u00e9tition d&rsquo;hier \ud83d\ude09 Et on vous met un nouveau post tr\u00e8s vite avec nos repr\u00e9sentations de septembre \/ Octobre.&hellip;<\/p>\n<\/div>\n\t\n<a href=\"https:\/\/les-petites-folies.fr\/index.php\/2022\/08\/05\/vacances-creation\/\" class=\"dt-btn-s dt-btn post-details details-type-btn\" aria-label=\"Read more about VACANCES = CREATION !\" rel=\"nofollow\">Lire la suite<i class=\"dt-icon-the7-arrow-03\" aria-hidden=\"true\"><\/i><\/a>\n\n<\/div><\/article><article class=\"post project-odd hidden post-1817 type-post status-publish format-standard has-post-thumbnail hentry category-non-classe category-1 description-off\" data-name=\"CANCAN !!\" data-date=\"2022-04-22T14:28:39+02:00\">\n\n<div class=\"post-thumbnail-wrap\">\n\t<div class=\"post-thumbnail\">\n\n\t\t\n\t\t\n\t\t<a href=\"https:\/\/les-petites-folies.fr\/index.php\/2022\/04\/22\/cancan\/\" class=\"post-thumbnail-rollover layzr-bg layzr-bg\" ><img class=\"blog-thumb-lazy-load preload-me lazy-load\" src=\"data:image\/svg+xml,%3Csvg%20xmlns%3D&#39;http%3A%2F%2Fwww.w3.org%2F2000%2Fsvg&#39;%20viewBox%3D&#39;0%200%20990%20660&#39;%2F%3E\" data-src=\"https:\/\/les-petites-folies.fr\/wp-content\/uploads\/2022\/04\/278530369_1057508178445771_2571048702240291099_n-990x660.jpg\" data-srcset=\"https:\/\/les-petites-folies.fr\/wp-content\/uploads\/2022\/04\/278530369_1057508178445771_2571048702240291099_n-990x660.jpg 990w, https:\/\/les-petites-folies.fr\/wp-content\/uploads\/2022\/04\/278530369_1057508178445771_2571048702240291099_n-1683x1122.jpg 1683w\" alt=\"\" title=\"278530369_1057508178445771_2571048702240291099_n\" width=\"990\" height=\"660\"  \/><span class=\"gallery-zoom-ico icomoon-the7-font-the7-plus-04\"><span><\/span><\/span><\/a>\n\t<\/div>\n<\/div>\n\n\n<div class=\"post-entry-content\">\n\n\t<h3 class=\"entry-title\">\n\t\t<a href=\"https:\/\/les-petites-folies.fr\/index.php\/2022\/04\/22\/cancan\/\" title=\"CANCAN !!\" rel=\"bookmark\">CANCAN !!<\/a>\n\t<\/h3>\n\n\t\n\t<div class=\"entry-excerpt\"><p>Mars \/ Avril 2022 : Le retour des prestations de notre compagnie au sein du cabaret LA BELLE EPOQUE et aussi des contrats exterieurs. BEAUVAIS, SAINT PAUL &#8230;<\/p>\n<\/div>\n\t\n<a href=\"https:\/\/les-petites-folies.fr\/index.php\/2022\/04\/22\/cancan\/\" class=\"dt-btn-s dt-btn post-details details-type-btn\" aria-label=\"Read more about CANCAN !!\" rel=\"nofollow\">Lire la suite<i class=\"dt-icon-the7-arrow-03\" aria-hidden=\"true\"><\/i><\/a>\n\n<\/div><\/article><article class=\"post project-even hidden post-1807 type-post status-publish format-standard has-post-thumbnail hentry category-non-classe category-1 description-off\" data-name=\"PIAF ET SES HOMMES\" data-date=\"2021-11-30T09:30:00+01:00\">\n\n<div class=\"post-thumbnail-wrap\">\n\t<div class=\"post-thumbnail\">\n\n\t\t\n\t\t\n\t\t<a href=\"https:\/\/les-petites-folies.fr\/index.php\/2021\/11\/30\/piaf-et-ses-hommes\/\" class=\"post-thumbnail-rollover layzr-bg layzr-bg\" ><img class=\"blog-thumb-lazy-load preload-me lazy-load\" src=\"data:image\/svg+xml,%3Csvg%20xmlns%3D&#39;http%3A%2F%2Fwww.w3.org%2F2000%2Fsvg&#39;%20viewBox%3D&#39;0%200%20990%20660&#39;%2F%3E\" data-src=\"https:\/\/les-petites-folies.fr\/wp-content\/uploads\/2021\/11\/Affiche-Piaf-a-Moreuil-scaled-e1637915368498-990x660.jpg\" data-srcset=\"https:\/\/les-petites-folies.fr\/wp-content\/uploads\/2021\/11\/Affiche-Piaf-a-Moreuil-scaled-e1637915368498-990x660.jpg 990w, https:\/\/les-petites-folies.fr\/wp-content\/uploads\/2021\/11\/Affiche-Piaf-a-Moreuil-scaled-e1637915368498-1683x1122.jpg 1683w\" alt=\"\" title=\"Affiche Piaf \u00e0 Moreuil\" width=\"990\" height=\"660\"  \/><span class=\"gallery-zoom-ico icomoon-the7-font-the7-plus-04\"><span><\/span><\/span><\/a>\n\t<\/div>\n<\/div>\n\n\n<div class=\"post-entry-content\">\n\n\t<h3 class=\"entry-title\">\n\t\t<a href=\"https:\/\/les-petites-folies.fr\/index.php\/2021\/11\/30\/piaf-et-ses-hommes\/\" title=\"PIAF ET SES HOMMES\" rel=\"bookmark\">PIAF ET SES HOMMES<\/a>\n\t<\/h3>\n\n\t\n\t<div class=\"entry-excerpt\"><p>A DECOUVRIR OU A REDECOUVRIR !!!! MARDI 7 DECEMBRE A MOREUIL. RESERVATIONS : 03 22 35 33 33 \/ TARIF 10\u20ac<\/p>\n<\/div>\n\t\n<a href=\"https:\/\/les-petites-folies.fr\/index.php\/2021\/11\/30\/piaf-et-ses-hommes\/\" class=\"dt-btn-s dt-btn post-details details-type-btn\" aria-label=\"Read more about PIAF ET SES HOMMES\" rel=\"nofollow\">Lire la suite<i class=\"dt-icon-the7-arrow-03\" aria-hidden=\"true\"><\/i><\/a>\n\n<\/div><\/article><article class=\"post project-odd hidden no-img post-1811 type-post status-publish format-standard hentry category-non-classe category-1 description-off\" data-name=\"UN MOIS DE DECEMBRE SHOW TIME !\" data-date=\"2021-11-26T09:43:51+01:00\">\n\n<div class=\"post-entry-content\">\n\n\t<h3 class=\"entry-title\">\n\t\t<a href=\"https:\/\/les-petites-folies.fr\/index.php\/2021\/11\/26\/un-mois-de-decembre-show-time\/\" title=\"UN MOIS DE DECEMBRE SHOW TIME !\" rel=\"bookmark\">UN MOIS DE DECEMBRE SHOW TIME !<\/a>\n\t<\/h3>\n\n\t\n\t<div class=\"entry-excerpt\"><p>Vous pourrez nous retrouver tout le mois de d\u00e9cembre en spectacle : 4 DECEMBRE MIDI : Cabaret la Belle Epoque4 DECEMBRE SOIR : Salle Polyvalente de DURY &#8211; spectacle FEVER (renseignements mairie)6 &amp; 7 DECEMBRE APRES MIDI : Moreuil Salle Antoine Vitez &#8211; PIAF ET SES HOMMES (r\u00e9serv\u00e9 au CCAS MOREUIL)7 DECEMBRE SOIR : Moreuil&hellip;<\/p>\n<\/div>\n\t\n<a href=\"https:\/\/les-petites-folies.fr\/index.php\/2021\/11\/26\/un-mois-de-decembre-show-time\/\" class=\"dt-btn-s dt-btn post-details details-type-btn\" aria-label=\"Read more about UN MOIS DE DECEMBRE SHOW TIME !\" rel=\"nofollow\">Lire la suite<i class=\"dt-icon-the7-arrow-03\" aria-hidden=\"true\"><\/i><\/a>\n\n<\/div><\/article><article class=\"post project-even hidden post-1803 type-post status-publish format-standard has-post-thumbnail hentry category-non-classe category-1 description-off\" data-name=\"Novembre 2021\" data-date=\"2021-11-26T09:26:21+01:00\">\n\n<div class=\"post-thumbnail-wrap\">\n\t<div class=\"post-thumbnail\">\n\n\t\t\n\t\t\n\t\t<a href=\"https:\/\/les-petites-folies.fr\/index.php\/2021\/11\/26\/novembre-2021\/\" class=\"post-thumbnail-rollover layzr-bg layzr-bg\" ><img class=\"blog-thumb-lazy-load preload-me lazy-load\" src=\"data:image\/svg+xml,%3Csvg%20xmlns%3D&#39;http%3A%2F%2Fwww.w3.org%2F2000%2Fsvg&#39;%20viewBox%3D&#39;0%200%20990%20660&#39;%2F%3E\" data-src=\"https:\/\/les-petites-folies.fr\/wp-content\/uploads\/2021\/11\/255437294_635854764111341_6340747566828014000_n-990x660.jpg\" data-srcset=\"https:\/\/les-petites-folies.fr\/wp-content\/uploads\/2021\/11\/255437294_635854764111341_6340747566828014000_n-990x660.jpg 990w, https:\/\/les-petites-folies.fr\/wp-content\/uploads\/2021\/11\/255437294_635854764111341_6340747566828014000_n-1536x1023.jpg 1536w\" alt=\"\" title=\"255437294_635854764111341_6340747566828014000_n\" width=\"990\" height=\"660\"  \/><span class=\"gallery-zoom-ico icomoon-the7-font-the7-plus-04\"><span><\/span><\/span><\/a>\n\t<\/div>\n<\/div>\n\n\n<div class=\"post-entry-content\">\n\n\t<h3 class=\"entry-title\">\n\t\t<a href=\"https:\/\/les-petites-folies.fr\/index.php\/2021\/11\/26\/novembre-2021\/\" title=\"Novembre 2021\" rel=\"bookmark\">Novembre 2021<\/a>\n\t<\/h3>\n\n\t\n\t<div class=\"entry-excerpt\"><p>Retour sur notre mois de novembre riche en plumes, en paillettes et en FOLIES !! Pas moins de 10 spectacles pour notre Compagnie !Merci \u00e0 tous nos clients pour leur confiance.<\/p>\n<\/div>\n\t\n<a href=\"https:\/\/les-petites-folies.fr\/index.php\/2021\/11\/26\/novembre-2021\/\" class=\"dt-btn-s dt-btn post-details details-type-btn\" aria-label=\"Read more about Novembre 2021\" rel=\"nofollow\">Lire la suite<i class=\"dt-icon-the7-arrow-03\" aria-hidden=\"true\"><\/i><\/a>\n\n<\/div><\/article><article class=\"post project-odd hidden no-img post-1800 type-post status-publish format-standard hentry category-non-classe category-1 description-off\" data-name=\"LES DATES DE NOVEMBRE SONT ICI !\" data-date=\"2021-10-25T11:11:00+02:00\">\n\n<div class=\"post-entry-content\">\n\n\t<h3 class=\"entry-title\">\n\t\t<a href=\"https:\/\/les-petites-folies.fr\/index.php\/2021\/10\/25\/les-dates-de-novembre-sont-ici\/\" title=\"LES DATES DE NOVEMBRE SONT ICI !\" rel=\"bookmark\">LES DATES DE NOVEMBRE SONT ICI !<\/a>\n\t<\/h3>\n\n\t\n\t<div class=\"entry-excerpt\"><p>Retrouvez nous sur scene : LE 6 Novembre \u00e0 CREVECOEUR LE GRAND LE 18 Novembre au Cabaret la Belle EpoqueLE 19 Novembre \u00e0 l&rsquo;EHPAD de Poix de PicardieLE 20 Novembre dans le cadre de la Saison Culturelle de la ville de POIX DE PICARDIELE 21 Novembre \u00e0 Saint SauflieuLE 28 Novembre au cabaret La Belle&hellip;<\/p>\n<\/div>\n\t\n<a href=\"https:\/\/les-petites-folies.fr\/index.php\/2021\/10\/25\/les-dates-de-novembre-sont-ici\/\" class=\"dt-btn-s dt-btn post-details details-type-btn\" aria-label=\"Read more about LES DATES DE NOVEMBRE SONT ICI !\" rel=\"nofollow\">Lire la suite<i class=\"dt-icon-the7-arrow-03\" aria-hidden=\"true\"><\/i><\/a>\n\n<\/div><\/article><article class=\"post project-even hidden post-1797 type-post status-publish format-standard has-post-thumbnail hentry category-non-classe category-1 description-off\" data-name=\"Quand Octobre rime avec plumes et paillettes !!\" data-date=\"2021-10-19T11:07:21+02:00\">\n\n<div class=\"post-thumbnail-wrap\">\n\t<div class=\"post-thumbnail\">\n\n\t\t\n\t\t\n\t\t<a href=\"https:\/\/les-petites-folies.fr\/index.php\/2021\/10\/19\/quand-octobre-rime-avec-plumes-et-paillettes\/\" class=\"post-thumbnail-rollover layzr-bg layzr-bg\" ><img class=\"blog-thumb-lazy-load preload-me lazy-load\" src=\"data:image\/svg+xml,%3Csvg%20xmlns%3D&#39;http%3A%2F%2Fwww.w3.org%2F2000%2Fsvg&#39;%20viewBox%3D&#39;0%200%20990%20660&#39;%2F%3E\" data-src=\"https:\/\/les-petites-folies.fr\/wp-content\/uploads\/2021\/10\/244662467_585256032905346_6705261188188219168_n-990x660.jpg\" data-srcset=\"https:\/\/les-petites-folies.fr\/wp-content\/uploads\/2021\/10\/244662467_585256032905346_6705261188188219168_n-990x660.jpg 990w, https:\/\/les-petites-folies.fr\/wp-content\/uploads\/2021\/10\/244662467_585256032905346_6705261188188219168_n-1683x1122.jpg 1683w\" alt=\"\" title=\"244662467_585256032905346_6705261188188219168_n\" width=\"990\" height=\"660\"  \/><span class=\"gallery-zoom-ico icomoon-the7-font-the7-plus-04\"><span><\/span><\/span><\/a>\n\t<\/div>\n<\/div>\n\n\n<div class=\"post-entry-content\">\n\n\t<h3 class=\"entry-title\">\n\t\t<a href=\"https:\/\/les-petites-folies.fr\/index.php\/2021\/10\/19\/quand-octobre-rime-avec-plumes-et-paillettes\/\" title=\"Quand Octobre rime avec plumes et paillettes !!\" rel=\"bookmark\">Quand Octobre rime avec plumes et paillettes !!<\/a>\n\t<\/h3>\n\n\t\n\t<div class=\"entry-excerpt\"><p>Une dizaine de dates pour notre compagnie en ce mois d&rsquo;octobre 2021 ! Que c&rsquo;est bon de se retrouver sur sc\u00e8ne avec vous.<\/p>\n<\/div>\n\t\n<a href=\"https:\/\/les-petites-folies.fr\/index.php\/2021\/10\/19\/quand-octobre-rime-avec-plumes-et-paillettes\/\" class=\"dt-btn-s dt-btn post-details details-type-btn\" aria-label=\"Read more about Quand Octobre rime avec plumes et paillettes !!\" rel=\"nofollow\">Lire la suite<i class=\"dt-icon-the7-arrow-03\" aria-hidden=\"true\"><\/i><\/a>\n\n<\/div><\/article><article class=\"post project-odd hidden post-1792 type-post status-publish format-standard has-post-thumbnail hentry category-non-classe category-1 description-off\" data-name=\"Retour \u00e0 \u00ab\u00a0LA BELLE EPOQUE\u00a0\u00bb\" data-date=\"2021-09-16T15:01:42+02:00\">\n\n<div class=\"post-thumbnail-wrap\">\n\t<div class=\"post-thumbnail\">\n\n\t\t\n\t\t\n\t\t<a href=\"https:\/\/les-petites-folies.fr\/index.php\/2021\/09\/16\/retour-a-la-belle-epoque\/\" class=\"post-thumbnail-rollover layzr-bg layzr-bg\" ><img class=\"blog-thumb-lazy-load preload-me lazy-load\" src=\"data:image\/svg+xml,%3Csvg%20xmlns%3D&#39;http%3A%2F%2Fwww.w3.org%2F2000%2Fsvg&#39;%20viewBox%3D&#39;0%200%20990%20660&#39;%2F%3E\" data-src=\"https:\/\/les-petites-folies.fr\/wp-content\/uploads\/2021\/09\/be-2-990x660.jpg\" data-srcset=\"https:\/\/les-petites-folies.fr\/wp-content\/uploads\/2021\/09\/be-2-990x660.jpg 990w, https:\/\/les-petites-folies.fr\/wp-content\/uploads\/2021\/09\/be-2-1112x741.jpg 1112w\" alt=\"\" title=\"be (2)\" width=\"990\" height=\"660\"  \/><span class=\"gallery-zoom-ico icomoon-the7-font-the7-plus-04\"><span><\/span><\/span><\/a>\n\t<\/div>\n<\/div>\n\n\n<div class=\"post-entry-content\">\n\n\t<h3 class=\"entry-title\">\n\t\t<a href=\"https:\/\/les-petites-folies.fr\/index.php\/2021\/09\/16\/retour-a-la-belle-epoque\/\" title=\"Retour \u00e0 \u00ab\u00a0LA BELLE EPOQUE\u00a0\u00bb\" rel=\"bookmark\">Retour \u00e0 \u00ab\u00a0LA BELLE EPOQUE\u00a0\u00bb<\/a>\n\t<\/h3>\n\n\t\n\t<div class=\"entry-excerpt\"><p>11 sept 2021 : Quelle joie de retrouver notre Cabaret pr\u00e9f\u00e9r\u00e9 apr\u00e8s 1 an et demi d&rsquo;interruption ! Le d\u00e9but d&rsquo;une nouvelle aventure avec les artistes r\u00e9sidents du Cabaret LA BELLE EPOQUE \u00e0 Briquemesnil. Un tout nouveau spectacle \u00e0 d\u00e9couvrir sans mod\u00e9ration. Vous pourrez nous y retrouver tr\u00e8s bient\u00f4t, les dates c&rsquo;est par ici :&hellip;<\/p>\n<\/div>\n\t\n<a href=\"https:\/\/les-petites-folies.fr\/index.php\/2021\/09\/16\/retour-a-la-belle-epoque\/\" class=\"dt-btn-s dt-btn post-details details-type-btn\" aria-label=\"Read more about Retour \u00e0 \u00ab\u00a0LA BELLE EPOQUE\u00a0\u00bb\" rel=\"nofollow\">Lire la suite<i class=\"dt-icon-the7-arrow-03\" aria-hidden=\"true\"><\/i><\/a>\n\n<\/div><\/article><article class=\"post project-even hidden post-1787 type-post status-publish format-standard has-post-thumbnail hentry category-non-classe category-1 description-off\" data-name=\"Joli succ\u00e8s \u00e0 Campneuseville !\" data-date=\"2021-08-22T16:56:00+02:00\">\n\n<div class=\"post-thumbnail-wrap\">\n\t<div class=\"post-thumbnail\">\n\n\t\t\n\t\t\n\t\t<a href=\"https:\/\/les-petites-folies.fr\/index.php\/2021\/08\/22\/joli-succes-a-campneuseville\/\" class=\"post-thumbnail-rollover layzr-bg layzr-bg\" ><img class=\"blog-thumb-lazy-load preload-me lazy-load\" src=\"data:image\/svg+xml,%3Csvg%20xmlns%3D&#39;http%3A%2F%2Fwww.w3.org%2F2000%2Fsvg&#39;%20viewBox%3D&#39;0%200%20720%20480&#39;%2F%3E\" data-src=\"https:\/\/les-petites-folies.fr\/wp-content\/uploads\/2021\/08\/239519453_363941928699345_5061070589409772639_n-720x480.jpg\" data-srcset=\"https:\/\/les-petites-folies.fr\/wp-content\/uploads\/2021\/08\/239519453_363941928699345_5061070589409772639_n-720x480.jpg 720w\" alt=\"\" title=\"239519453_363941928699345_5061070589409772639_n\" width=\"720\" height=\"480\"  \/><span class=\"gallery-zoom-ico icomoon-the7-font-the7-plus-04\"><span><\/span><\/span><\/a>\n\t<\/div>\n<\/div>\n\n\n<div class=\"post-entry-content\">\n\n\t<h3 class=\"entry-title\">\n\t\t<a href=\"https:\/\/les-petites-folies.fr\/index.php\/2021\/08\/22\/joli-succes-a-campneuseville\/\" title=\"Joli succ\u00e8s \u00e0 Campneuseville !\" rel=\"bookmark\">Joli succ\u00e8s \u00e0 Campneuseville !<\/a>\n\t<\/h3>\n\n\t\n\t<div class=\"entry-excerpt\"><p>Nous avons eu la chance de faire \u00e0 nouveau partie de la programmation de la f\u00eate de CAMPNEUSEVILLE (76) Le 22 AOUT 2021.Un Public ravi et une standing ovation en fin de spectacle pour f\u00e9liciter les artistes. Le French Cancan remporte toujours un franc succ\u00e8s.Nous reprenons d\u00e9sormais le chemin de la salle de danse pour&hellip;<\/p>\n<\/div>\n\t\n<a href=\"https:\/\/les-petites-folies.fr\/index.php\/2021\/08\/22\/joli-succes-a-campneuseville\/\" class=\"dt-btn-s dt-btn post-details details-type-btn\" aria-label=\"Read more about Joli succ\u00e8s \u00e0 Campneuseville !\" rel=\"nofollow\">Lire la suite<i class=\"dt-icon-the7-arrow-03\" aria-hidden=\"true\"><\/i><\/a>\n\n<\/div><\/article><article class=\"post project-odd hidden post-1780 type-post status-publish format-standard has-post-thumbnail hentry category-non-classe category-1 description-off\" data-name=\"\" data-date=\"2021-07-06T16:12:47+02:00\">\n\n<div class=\"post-thumbnail-wrap\">\n\t<div class=\"post-thumbnail\">\n\n\t\t\n\t\t\n\t\t<a href=\"https:\/\/les-petites-folies.fr\/index.php\/2021\/07\/06\/1780\/\" class=\"post-thumbnail-rollover layzr-bg layzr-bg\" ><img class=\"blog-thumb-lazy-load preload-me lazy-load\" src=\"data:image\/svg+xml,%3Csvg%20xmlns%3D&#39;http%3A%2F%2Fwww.w3.org%2F2000%2Fsvg&#39;%20viewBox%3D&#39;0%200%20960%20640&#39;%2F%3E\" data-src=\"https:\/\/les-petites-folies.fr\/wp-content\/uploads\/2021\/07\/207037285_4426112100784588_5407833935852500359_n-960x640.jpg\" data-srcset=\"https:\/\/les-petites-folies.fr\/wp-content\/uploads\/2021\/07\/207037285_4426112100784588_5407833935852500359_n-960x640.jpg 960w\" alt=\"\" title=\"207037285_4426112100784588_5407833935852500359_n\" width=\"960\" height=\"640\"  \/><span class=\"gallery-zoom-ico icomoon-the7-font-the7-plus-04\"><span><\/span><\/span><\/a>\n\t<\/div>\n<\/div>\n\n\n<div class=\"post-entry-content\">\n\n\t<h3 class=\"entry-title\">\n\t\t<a href=\"https:\/\/les-petites-folies.fr\/index.php\/2021\/07\/06\/1780\/\" title=\"\" rel=\"bookmark\"><\/a>\n\t<\/h3>\n\n\t\n\t<div class=\"entry-excerpt\"><p>Retour sur notre spectacle \u00e0 PIERREFOND du 27\/06. Quelle joie de remonter sur sc\u00e8ne et de rev\u00eatir nos jolis costumes !!! La prochaine date sera le 11 Juillet \u00e0 HERNICOURT. Nous avons h\u00e2te !<\/p>\n<\/div>\n\t\n<a href=\"https:\/\/les-petites-folies.fr\/index.php\/2021\/07\/06\/1780\/\" class=\"dt-btn-s dt-btn post-details details-type-btn\" aria-label=\"Read more about \" rel=\"nofollow\">Lire la suite<i class=\"dt-icon-the7-arrow-03\" aria-hidden=\"true\"><\/i><\/a>\n\n<\/div><\/article><article class=\"post project-even hidden post-1772 type-post status-publish format-standard has-post-thumbnail hentry category-non-classe category-1 description-off\" data-name=\"Nous revoila sur sc\u00e8ne !\" data-date=\"2021-06-03T09:29:23+02:00\">\n\n<div class=\"post-thumbnail-wrap\">\n\t<div class=\"post-thumbnail\">\n\n\t\t\n\t\t\n\t\t<a href=\"https:\/\/les-petites-folies.fr\/index.php\/2021\/06\/03\/nous-revoila-sur-scene\/\" class=\"post-thumbnail-rollover layzr-bg layzr-bg\" ><img class=\"blog-thumb-lazy-load preload-me lazy-load\" src=\"data:image\/svg+xml,%3Csvg%20xmlns%3D&#39;http%3A%2F%2Fwww.w3.org%2F2000%2Fsvg&#39;%20viewBox%3D&#39;0%200%20990%20660&#39;%2F%3E\" data-src=\"https:\/\/les-petites-folies.fr\/wp-content\/uploads\/2021\/06\/189731693_180478243885827_170722006145118655_n-990x660.jpg\" data-srcset=\"https:\/\/les-petites-folies.fr\/wp-content\/uploads\/2021\/06\/189731693_180478243885827_170722006145118655_n-990x660.jpg 990w, https:\/\/les-petites-folies.fr\/wp-content\/uploads\/2021\/06\/189731693_180478243885827_170722006145118655_n-1683x1122.jpg 1683w\" alt=\"\" title=\"repetitions\" width=\"990\" height=\"660\"  \/><span class=\"gallery-zoom-ico icomoon-the7-font-the7-plus-04\"><span><\/span><\/span><\/a>\n\t<\/div>\n<\/div>\n\n\n<div class=\"post-entry-content\">\n\n\t<h3 class=\"entry-title\">\n\t\t<a href=\"https:\/\/les-petites-folies.fr\/index.php\/2021\/06\/03\/nous-revoila-sur-scene\/\" title=\"Nous revoila sur sc\u00e8ne !\" rel=\"bookmark\">Nous revoila sur sc\u00e8ne !<\/a>\n\t<\/h3>\n\n\t\n\t<div class=\"entry-excerpt\"><p>C&rsquo;est avec plaisir que nous allons reprendre le chemin de la sc\u00e8ne avec une prestation au Domaine des Thermes \u00e0 PIERREFOND le 27 Juin prochain.Alors nous reprenons les r\u00e9p\u00e9titions intens\u00e9ment.<\/p>\n<\/div>\n\t\n<a href=\"https:\/\/les-petites-folies.fr\/index.php\/2021\/06\/03\/nous-revoila-sur-scene\/\" class=\"dt-btn-s dt-btn post-details details-type-btn\" aria-label=\"Read more about Nous revoila sur sc\u00e8ne !\" rel=\"nofollow\">Lire la suite<i class=\"dt-icon-the7-arrow-03\" aria-hidden=\"true\"><\/i><\/a>\n\n<\/div><\/article><article class=\"post project-odd hidden post-1 type-post status-publish format-standard has-post-thumbnail hentry category-non-classe category-1 description-off\" data-name=\"Bonjour tout le monde\u00a0!\" data-date=\"2021-05-04T17:11:00+02:00\">\n\n<div class=\"post-thumbnail-wrap\">\n\t<div class=\"post-thumbnail\">\n\n\t\t\n\t\t\n\t\t<a href=\"https:\/\/les-petites-folies.fr\/index.php\/2021\/05\/04\/bonjour-tout-le-monde\/\" class=\"post-thumbnail-rollover layzr-bg layzr-bg\" ><img class=\"blog-thumb-lazy-load preload-me lazy-load\" src=\"data:image\/svg+xml,%3Csvg%20xmlns%3D&#39;http%3A%2F%2Fwww.w3.org%2F2000%2Fsvg&#39;%20viewBox%3D&#39;0%200%20496%20330&#39;%2F%3E\" data-src=\"https:\/\/les-petites-folies.fr\/wp-content\/uploads\/2021\/05\/LOGO_LPF_REAL-496x330.png\" data-srcset=\"https:\/\/les-petites-folies.fr\/wp-content\/uploads\/2021\/05\/LOGO_LPF_REAL-496x330.png 496w\" alt=\"\" title=\"LOGO_LPF_REAL\" width=\"496\" height=\"330\"  \/><span class=\"gallery-zoom-ico icomoon-the7-font-the7-plus-04\"><span><\/span><\/span><\/a>\n\t<\/div>\n<\/div>\n\n\n<div class=\"post-entry-content\">\n\n\t<h3 class=\"entry-title\">\n\t\t<a href=\"https:\/\/les-petites-folies.fr\/index.php\/2021\/05\/04\/bonjour-tout-le-monde\/\" title=\"Bonjour tout le monde\u00a0!\" rel=\"bookmark\">Bonjour tout le monde\u00a0!<\/a>\n\t<\/h3>\n\n\t\n\t<div class=\"entry-excerpt\"><p>Bienvenue sur notre nouveau site. Vous trouverez ici dans les Actualit\u00e9s toutes les informations relatives \u00e0 nos dates de spectacles et \u00e0 la vie de notre compagnie.<\/p>\n<\/div>\n\t\n<a href=\"https:\/\/les-petites-folies.fr\/index.php\/2021\/05\/04\/bonjour-tout-le-monde\/\" class=\"dt-btn-s dt-btn post-details details-type-btn\" aria-label=\"Read more about Bonjour tout le monde\u00a0!\" rel=\"nofollow\">Lire la suite<i class=\"dt-icon-the7-arrow-03\" aria-hidden=\"true\"><\/i><\/a>\n\n<\/div><\/article><div class=\"paginator paginator-more-button\">\n\t\t\t\t<a class=\"button-load-more \" href=\"javascript:void(0);\" data-dt-page=\"1\" ><span class=\"stick\"><\/span><span class=\"stick\"><\/span><span class=\"stick\"><\/span><span class=\"button-caption\">Charger la suite<\/span><\/a>\n\t\t\t<\/div><\/div>[\/vc_column][\/vc_row]<\/p>\n","protected":false},"excerpt":{"rendered":"<p>[vc_row][vc_column][\/vc_column][\/vc_row]<\/p>\n","protected":false},"author":1,"featured_media":0,"parent":0,"menu_order":60,"comment_status":"closed","ping_status":"closed","template":"","meta":[],"_links":{"self":[{"href":"https:\/\/les-petites-folies.fr\/index.php\/wp-json\/wp\/v2\/pages\/163"}],"collection":[{"href":"https:\/\/les-petites-folies.fr\/index.php\/wp-json\/wp\/v2\/pages"}],"about":[{"href":"https:\/\/les-petites-folies.fr\/index.php\/wp-json\/wp\/v2\/types\/page"}],"author":[{"embeddable":true,"href":"https:\/\/les-petites-folies.fr\/index.php\/wp-json\/wp\/v2\/users\/1"}],"replies":[{"embeddable":true,"href":"https:\/\/les-petites-folies.fr\/index.php\/wp-json\/wp\/v2\/comments?post=163"}],"version-history":[{"count":1,"href":"https:\/\/les-petites-folies.fr\/index.php\/wp-json\/wp\/v2\/pages\/163\/revisions"}],"predecessor-version":[{"id":1602,"href":"https:\/\/les-petites-folies.fr\/index.php\/wp-json\/wp\/v2\/pages\/163\/revisions\/1602"}],"wp:attachment":[{"href":"https:\/\/les-petites-folies.fr\/index.php\/wp-json\/wp\/v2\/media?parent=163"}],"curies":[{"name":"wp","href":"https:\/\/api.w.org\/{rel}","templated":true}]}}